{"id":301,"date":"2015-09-09T13:28:01","date_gmt":"2015-09-09T11:28:01","guid":{"rendered":"https:\/\/opelagd.com\/?page_id=301"},"modified":"2022-08-31T10:21:15","modified_gmt":"2022-08-31T08:21:15","slug":"malereigrafik","status":"publish","type":"page","link":"https:\/\/opelagd.com\/?page_id=301","title":{"rendered":"ART-OPEL"},"content":{"rendered":"\n<p class=\"wp-block-paragraph\"><a href=\"http:\/\/www.art-opel.de\" target=\"_blank\" rel=\"noreferrer noopener\">&nbsp;zu meiner Kunstseite<\/a><\/p>\n\n\n\n<h5 class=\"wp-block-heading\"><strong>Aktionen und Ausstellungen\u00a02018 &#8211; 20<\/strong>22<\/h5>\n\n\n\n<p class=\"wp-block-paragraph\">Neueste Ausstellungen im Begegnungszentrum Burg\/Spreewald und im Wilkestift Guben<\/p>\n\n\n\n<p class=\"wp-block-paragraph\"><\/p>\n\n\n\n<figure class=\"wp-block-gallery has-nested-images columns-default is-cropped wp-block-gallery-1 is-layout-flex wp-block-gallery-is-layout-flex\">\n<figure class=\"wp-block-image size-large\"><img loading=\"lazy\" decoding=\"async\" width=\"900\" height=\"675\" data-id=\"713\" src=\"https:\/\/opelagd.com\/wp-content\/uploads\/2022\/08\/IMG_2236-900x675.jpeg\" alt=\"\" class=\"wp-image-713\" srcset=\"https:\/\/opelagd.com\/wp-content\/uploads\/2022\/08\/IMG_2236-900x675.jpeg 900w, https:\/\/opelagd.com\/wp-content\/uploads\/2022\/08\/IMG_2236-150x113.jpeg 150w, https:\/\/opelagd.com\/wp-content\/uploads\/2022\/08\/IMG_2236-768x576.jpeg 768w, https:\/\/opelagd.com\/wp-content\/uploads\/2022\/08\/IMG_2236-1536x1152.jpeg 1536w, https:\/\/opelagd.com\/wp-content\/uploads\/2022\/08\/IMG_2236-2048x1536.jpeg 2048w, https:\/\/opelagd.com\/wp-content\/uploads\/2022\/08\/IMG_2236-1200x900.jpeg 1200w\" sizes=\"auto, (max-width: 900px) 100vw, 900px\" \/><\/figure>\n\n\n\n<figure class=\"wp-block-image size-large\"><img loading=\"lazy\" decoding=\"async\" width=\"675\" height=\"900\" data-id=\"714\" src=\"https:\/\/opelagd.com\/wp-content\/uploads\/2022\/08\/IMG_2235-675x900.jpeg\" alt=\"\" class=\"wp-image-714\" srcset=\"https:\/\/opelagd.com\/wp-content\/uploads\/2022\/08\/IMG_2235-675x900.jpeg 675w, https:\/\/opelagd.com\/wp-content\/uploads\/2022\/08\/IMG_2235-113x150.jpeg 113w, https:\/\/opelagd.com\/wp-content\/uploads\/2022\/08\/IMG_2235-768x1024.jpeg 768w, https:\/\/opelagd.com\/wp-content\/uploads\/2022\/08\/IMG_2235-1152x1536.jpeg 1152w, https:\/\/opelagd.com\/wp-content\/uploads\/2022\/08\/IMG_2235-1536x2048.jpeg 1536w, https:\/\/opelagd.com\/wp-content\/uploads\/2022\/08\/IMG_2235-scaled.jpeg 1920w\" sizes=\"auto, (max-width: 675px) 100vw, 675px\" \/><\/figure>\n\n\n\n<figure class=\"wp-block-image size-large\"><img loading=\"lazy\" decoding=\"async\" width=\"900\" height=\"900\" data-id=\"715\" src=\"https:\/\/opelagd.com\/wp-content\/uploads\/2022\/08\/IMG_5868-900x900.jpeg\" alt=\"\" class=\"wp-image-715\" srcset=\"https:\/\/opelagd.com\/wp-content\/uploads\/2022\/08\/IMG_5868-900x900.jpeg 900w, https:\/\/opelagd.com\/wp-content\/uploads\/2022\/08\/IMG_5868-150x150.jpeg 150w, https:\/\/opelagd.com\/wp-content\/uploads\/2022\/08\/IMG_5868-90x90.jpeg 90w, https:\/\/opelagd.com\/wp-content\/uploads\/2022\/08\/IMG_5868-768x767.jpeg 768w, https:\/\/opelagd.com\/wp-content\/uploads\/2022\/08\/IMG_5868-1536x1534.jpeg 1536w, https:\/\/opelagd.com\/wp-content\/uploads\/2022\/08\/IMG_5868-2048x2046.jpeg 2048w, https:\/\/opelagd.com\/wp-content\/uploads\/2022\/08\/IMG_5868-60x60.jpeg 60w, https:\/\/opelagd.com\/wp-content\/uploads\/2022\/08\/IMG_5868-1200x1200.jpeg 1200w\" sizes=\"auto, (max-width: 900px) 100vw, 900px\" \/><\/figure>\n\n\n\n<figure class=\"wp-block-image size-large\"><img loading=\"lazy\" decoding=\"async\" width=\"675\" height=\"900\" data-id=\"716\" src=\"https:\/\/opelagd.com\/wp-content\/uploads\/2022\/08\/IMG_5622-675x900.jpeg\" alt=\"\" class=\"wp-image-716\" srcset=\"https:\/\/opelagd.com\/wp-content\/uploads\/2022\/08\/IMG_5622-675x900.jpeg 675w, https:\/\/opelagd.com\/wp-content\/uploads\/2022\/08\/IMG_5622-113x150.jpeg 113w, https:\/\/opelagd.com\/wp-content\/uploads\/2022\/08\/IMG_5622-768x1024.jpeg 768w, https:\/\/opelagd.com\/wp-content\/uploads\/2022\/08\/IMG_5622-1152x1536.jpeg 1152w, https:\/\/opelagd.com\/wp-content\/uploads\/2022\/08\/IMG_5622-1536x2048.jpeg 1536w, https:\/\/opelagd.com\/wp-content\/uploads\/2022\/08\/IMG_5622-scaled.jpeg 1920w\" sizes=\"auto, (max-width: 675px) 100vw, 675px\" \/><\/figure>\n<\/figure>\n\n\n\n<p class=\"wp-block-paragraph\">Gemeinsachafts-Plenairs mit polnischen K\u00fcnstlern aus Switnica<br \/>dazu Ausstellungen in Polen und in Heinersbr\u00fcck, Calau, Cottbus, Switnica,<br \/>und Lieberose<\/p>\n\n\n\n<figure class=\"wp-block-gallery has-nested-images columns-default is-cropped wp-block-gallery-2 is-layout-flex wp-block-gallery-is-layout-flex\">\n<figure class=\"wp-block-image size-large\"><img loading=\"lazy\" decoding=\"async\" width=\"2448\" height=\"2212\" data-id=\"561\" src=\"https:\/\/i0.wp.com\/opelagd.com\/wp-content\/uploads\/2019\/12\/IMG_0727.jpeg?fit=648%2C585&amp;ssl=1\" alt=\"\" class=\"wp-image-561\" srcset=\"https:\/\/opelagd.com\/wp-content\/uploads\/2019\/12\/IMG_0727.jpeg 2448w, https:\/\/opelagd.com\/wp-content\/uploads\/2019\/12\/IMG_0727-150x136.jpeg 150w, https:\/\/opelagd.com\/wp-content\/uploads\/2019\/12\/IMG_0727-900x813.jpeg 900w, https:\/\/opelagd.com\/wp-content\/uploads\/2019\/12\/IMG_0727-768x694.jpeg 768w, https:\/\/opelagd.com\/wp-content\/uploads\/2019\/12\/IMG_0727-1536x1388.jpeg 1536w, https:\/\/opelagd.com\/wp-content\/uploads\/2019\/12\/IMG_0727-2048x1851.jpeg 2048w, https:\/\/opelagd.com\/wp-content\/uploads\/2019\/12\/IMG_0727-800x723.jpeg 800w, https:\/\/opelagd.com\/wp-content\/uploads\/2019\/12\/IMG_0727-1200x1084.jpeg 1200w, https:\/\/opelagd.com\/wp-content\/uploads\/2019\/12\/IMG_0727-600x542.jpeg 600w\" sizes=\"auto, (max-width: 2448px) 100vw, 2448px\" \/><figcaption>Neue Arbeiten in der Darre in Lieberose<\/figcaption><\/figure>\n\n\n\n<figure class=\"wp-block-image size-large\"><img loading=\"lazy\" decoding=\"async\" width=\"2560\" height=\"2211\" data-id=\"562\" src=\"https:\/\/i0.wp.com\/opelagd.com\/wp-content\/uploads\/2019\/12\/IMG_0726-scaled.jpeg?fit=648%2C559&amp;ssl=1\" alt=\"\" class=\"wp-image-562\" srcset=\"https:\/\/opelagd.com\/wp-content\/uploads\/2019\/12\/IMG_0726-scaled.jpeg 2560w, https:\/\/opelagd.com\/wp-content\/uploads\/2019\/12\/IMG_0726-150x130.jpeg 150w, https:\/\/opelagd.com\/wp-content\/uploads\/2019\/12\/IMG_0726-900x777.jpeg 900w, https:\/\/opelagd.com\/wp-content\/uploads\/2019\/12\/IMG_0726-768x663.jpeg 768w, https:\/\/opelagd.com\/wp-content\/uploads\/2019\/12\/IMG_0726-1536x1326.jpeg 1536w, https:\/\/opelagd.com\/wp-content\/uploads\/2019\/12\/IMG_0726-2048x1769.jpeg 2048w, https:\/\/opelagd.com\/wp-content\/uploads\/2019\/12\/IMG_0726-800x691.jpeg 800w, https:\/\/opelagd.com\/wp-content\/uploads\/2019\/12\/IMG_0726-scaled-1200x1036.jpeg 1200w, https:\/\/opelagd.com\/wp-content\/uploads\/2019\/12\/IMG_0726-600x518.jpeg 600w\" sizes=\"auto, (max-width: 2560px) 100vw, 2560px\" \/><\/figure>\n\n\n\n<figure class=\"wp-block-image size-large\"><img loading=\"lazy\" decoding=\"async\" width=\"1920\" height=\"2560\" data-id=\"563\" src=\"https:\/\/i1.wp.com\/opelagd.com\/wp-content\/uploads\/2019\/12\/IMG_0633-scaled.jpeg?fit=648%2C864&amp;ssl=1\" alt=\"\" class=\"wp-image-563\" srcset=\"https:\/\/opelagd.com\/wp-content\/uploads\/2019\/12\/IMG_0633-scaled.jpeg 1920w, https:\/\/opelagd.com\/wp-content\/uploads\/2019\/12\/IMG_0633-113x150.jpeg 113w, https:\/\/opelagd.com\/wp-content\/uploads\/2019\/12\/IMG_0633-675x900.jpeg 675w, https:\/\/opelagd.com\/wp-content\/uploads\/2019\/12\/IMG_0633-768x1024.jpeg 768w, https:\/\/opelagd.com\/wp-content\/uploads\/2019\/12\/IMG_0633-1152x1536.jpeg 1152w, https:\/\/opelagd.com\/wp-content\/uploads\/2019\/12\/IMG_0633-1536x2048.jpeg 1536w, https:\/\/opelagd.com\/wp-content\/uploads\/2019\/12\/IMG_0633-800x1067.jpeg 800w, https:\/\/opelagd.com\/wp-content\/uploads\/2019\/12\/IMG_0633-scaled-1200x1600.jpeg 1200w, https:\/\/opelagd.com\/wp-content\/uploads\/2019\/12\/IMG_0633-450x600.jpeg 450w\" sizes=\"auto, (max-width: 1920px) 100vw, 1920px\" \/><\/figure>\n\n\n\n<figure class=\"wp-block-image size-large\"><img loading=\"lazy\" decoding=\"async\" width=\"2560\" height=\"904\" data-id=\"564\" src=\"https:\/\/i0.wp.com\/opelagd.com\/wp-content\/uploads\/2019\/12\/Plenair-Neuendorf-scaled.jpg?fit=648%2C229&amp;ssl=1\" alt=\"\" class=\"wp-image-564\" srcset=\"https:\/\/opelagd.com\/wp-content\/uploads\/2019\/12\/Plenair-Neuendorf-scaled.jpg 2560w, https:\/\/opelagd.com\/wp-content\/uploads\/2019\/12\/Plenair-Neuendorf-150x53.jpg 150w, https:\/\/opelagd.com\/wp-content\/uploads\/2019\/12\/Plenair-Neuendorf-900x318.jpg 900w, https:\/\/opelagd.com\/wp-content\/uploads\/2019\/12\/Plenair-Neuendorf-768x271.jpg 768w, https:\/\/opelagd.com\/wp-content\/uploads\/2019\/12\/Plenair-Neuendorf-1536x543.jpg 1536w, https:\/\/opelagd.com\/wp-content\/uploads\/2019\/12\/Plenair-Neuendorf-2048x724.jpg 2048w, https:\/\/opelagd.com\/wp-content\/uploads\/2019\/12\/Plenair-Neuendorf-scaled-800x283.jpg 800w, https:\/\/opelagd.com\/wp-content\/uploads\/2019\/12\/Plenair-Neuendorf-scaled-1200x424.jpg 1200w, https:\/\/opelagd.com\/wp-content\/uploads\/2019\/12\/Plenair-Neuendorf-600x212.jpg 600w\" sizes=\"auto, (max-width: 2560px) 100vw, 2560px\" \/><figcaption>Plenair in Neuendorf &#8211; Ausstellung in Peitz am H\u00fcttenmuseum und Heinersbr\u00fcck<\/figcaption><\/figure>\n<\/figure>\n\n\n<div id=\"js_8u\" class=\"_5pbx userContent _3576\" data-ft=\"{&quot;tn&quot;:&quot;K&quot;}\">\n<p>Finissage am 22.11.2017 in der Volksbank Spree-Nei\u00dfe Guben.<\/p>\n<\/div>\n<p><figure id=\"attachment_453\" class=\"thumbnail wp-caption alignnone\" style=\"width: 658px\"><img loading=\"lazy\" decoding=\"async\" class=\"size-large wp-image-453\" src=\"https:\/\/opelagd.com\/wp-content\/uploads\/2017\/12\/2017-11-22-Presse-Finissage-Bernd-Opel_Guben_3-900x552.jpg\" alt=\"\" width=\"648\" height=\"397\" data-wp-pid=\"453\" srcset=\"https:\/\/opelagd.com\/wp-content\/uploads\/2017\/12\/2017-11-22-Presse-Finissage-Bernd-Opel_Guben_3-900x552.jpg 900w, https:\/\/opelagd.com\/wp-content\/uploads\/2017\/12\/2017-11-22-Presse-Finissage-Bernd-Opel_Guben_3-150x92.jpg 150w, https:\/\/opelagd.com\/wp-content\/uploads\/2017\/12\/2017-11-22-Presse-Finissage-Bernd-Opel_Guben_3-768x471.jpg 768w, https:\/\/opelagd.com\/wp-content\/uploads\/2017\/12\/2017-11-22-Presse-Finissage-Bernd-Opel_Guben_3-800x491.jpg 800w, https:\/\/opelagd.com\/wp-content\/uploads\/2017\/12\/2017-11-22-Presse-Finissage-Bernd-Opel_Guben_3-600x368.jpg 600w, https:\/\/opelagd.com\/wp-content\/uploads\/2017\/12\/2017-11-22-Presse-Finissage-Bernd-Opel_Guben_3.jpg 1112w\" sizes=\"auto, (max-width: 648px) 100vw, 648px\" \/><figcaption class=\"caption wp-caption-text\">Quelle = Volksbank Spree-Nei\u00dfe eG<\/figcaption><\/figure><br \/>\n<figure id=\"attachment_452\" class=\"thumbnail wp-caption alignnone\" style=\"width: 658px\"><img loading=\"lazy\" decoding=\"async\" class=\"size-large wp-image-452\" src=\"https:\/\/opelagd.com\/wp-content\/uploads\/2017\/12\/2017-11-22-Presse-Finissage-Bernd-Opel_Guben_2-900x477.jpg\" alt=\"\" width=\"648\" height=\"343\" data-wp-pid=\"452\" srcset=\"https:\/\/opelagd.com\/wp-content\/uploads\/2017\/12\/2017-11-22-Presse-Finissage-Bernd-Opel_Guben_2-900x477.jpg 900w, https:\/\/opelagd.com\/wp-content\/uploads\/2017\/12\/2017-11-22-Presse-Finissage-Bernd-Opel_Guben_2-150x80.jpg 150w, https:\/\/opelagd.com\/wp-content\/uploads\/2017\/12\/2017-11-22-Presse-Finissage-Bernd-Opel_Guben_2-768x407.jpg 768w, https:\/\/opelagd.com\/wp-content\/uploads\/2017\/12\/2017-11-22-Presse-Finissage-Bernd-Opel_Guben_2-800x424.jpg 800w, https:\/\/opelagd.com\/wp-content\/uploads\/2017\/12\/2017-11-22-Presse-Finissage-Bernd-Opel_Guben_2-300x159.jpg 300w, https:\/\/opelagd.com\/wp-content\/uploads\/2017\/12\/2017-11-22-Presse-Finissage-Bernd-Opel_Guben_2-600x318.jpg 600w, https:\/\/opelagd.com\/wp-content\/uploads\/2017\/12\/2017-11-22-Presse-Finissage-Bernd-Opel_Guben_2.jpg 1048w\" sizes=\"auto, (max-width: 648px) 100vw, 648px\" \/><figcaption class=\"caption wp-caption-text\">Quelle = Volksbank Spree-Nei\u00dfe eG<\/figcaption><\/figure><\/p>\n<p>Presse-Information&nbsp;&nbsp;&nbsp; 26. Oktober bis 04. November 2016<br \/>Finissage: Bernd Opel zeigte 50 Werke im Kraftwerk J\u00e4nschwalde<br \/>Peitzer-Land-Maler Bernd Opel macht Kunst aus Leidenschaft<\/p>\n<p>In der Galerie auf der 11. Etage des Kraftwerkes J\u00e4nschwalde sind seit August diesen Jahres 50 Grafiken und Zeichnungen des Peitzer-Land-Malers Bernd Opel ausgestellt. Unter dem Motto \u201eKunst aus Leidenschaft\u201c widmet sich der 1953 in Mei\u00dfen geborene Bernd Opel seit seiner Jugend dem Malen und Zeichnen. Schwerpunkt seiner Arbeit sind Grafiken und Zeichnungen unter Verwendung verschiedener Techniken. Die im Kraftwerk ausgestellten Werke basieren auf 12 unterschiedlichen Techniken, zu denen unter anderem Acryl, \u00d6l, Pastell, Foto, Siebdruck und Graphit z\u00e4hlen. Sie reichen bis in das Jahr 1994 zur\u00fcck.<\/p>\n<p>Seit 1997 stellt Opel seine Werke verst\u00e4rkt aus, um \u00fcber seinen k\u00fcnstlerischen Standpunkt reflektieren zu k\u00f6nnen. \u201eDurch meine intensiven Kontakte zu K\u00fcnstlern und K\u00fcnstlergruppen, auch aus anderen Bereichen der Bildenden Kunst, werde ich sowohl inspiriert als auch kritisiert\u201c, so Bernd Opel \u00fcber sein k\u00fcnstlerisches Wirken.<\/p>\n<p>Ihr Ansprechpartner f\u00fcr weitere Informationen:<\/p>\n<p>Kathi Gerstner, LEAG, Pressesprecherin, B\u00fcro Cottbus,<br \/>Telefon 0355 2887 3010, Fax 0355 2887 3066, kathi.gerstner@leag.de<br \/><a href=\"https:\/\/opelagd.com\/wp-content\/uploads\/2015\/09\/maennl7.jpg\" target=\"_blank\" rel=\"http:\/\/www.art-opel.de\/ noopener noreferrer\"><img loading=\"lazy\" decoding=\"async\" class=\"wp-image-297\" title=\"klick zur Kunstseite\" src=\"https:\/\/opelagd.com\/wp-content\/uploads\/2015\/09\/maennl7.jpg\" alt=\"Kunstmaler\" width=\"223\" height=\"223\" data-wp-pid=\"297\" srcset=\"https:\/\/opelagd.com\/wp-content\/uploads\/2015\/09\/maennl7.jpg 360w, https:\/\/opelagd.com\/wp-content\/uploads\/2015\/09\/maennl7-90x90.jpg 90w, https:\/\/opelagd.com\/wp-content\/uploads\/2015\/09\/maennl7-150x150.jpg 150w, https:\/\/opelagd.com\/wp-content\/uploads\/2015\/09\/maennl7-60x60.jpg 60w, https:\/\/opelagd.com\/wp-content\/uploads\/2015\/09\/maennl7-300x300.jpg 300w, https:\/\/opelagd.com\/wp-content\/uploads\/2015\/09\/maennl7-200x200.jpg 200w\" sizes=\"auto, (max-width: 223px) 100vw, 223px\" \/><\/a><\/p>","protected":false},"excerpt":{"rendered":"<p>&nbsp;zu meiner Kunstseite Aktionen und Ausstellungen\u00a02018 &#8211; 2022 Neueste Ausstellungen im Begegnungszentrum Burg\/Spreewald und im Wilkestift Guben Gemeinsachafts-Plenairs mit polnischen K\u00fcnstlern aus Switnicadazu Ausstellungen in Polen und in Heinersbr\u00fcck, Calau, Cottbus, Switnica,und Lieberose Finissage am 22.11.2017 in der Volksbank Spree-Nei\u00dfe Guben. Presse-Information&nbsp;&nbsp;&nbsp; 26. Oktober bis 04. November 2016Finissage: Bernd Opel zeigte 50 Werke im Kraftwerk [&hellip;]<\/p>\n","protected":false},"author":1,"featured_media":339,"parent":0,"menu_order":0,"comment_status":"closed","ping_status":"closed","template":"","meta":{"footnotes":""},"class_list":["post-301","page","type-page","status-publish","has-post-thumbnail","hentry"],"aioseo_notices":[],"aioseo_head":"\n\t\t<!-- All in One SEO 5.0.1 - aioseo.com -->\n\t<meta name=\"description\" content=\"zu meiner Kunstseite Aktionen und Ausstellungen 2018 - 2022 Neueste Ausstellungen im Begegnungszentrum Burg\/Spreewald und im Wilkestift Guben Gemeinsachafts-Plenairs mit polnischen K\u00fcnstlern aus Switnicadazu Ausstellungen in Polen und in Heinersbr\u00fcck, Calau, Cottbus, Switnica,und Lieberose Finissage am 22.11.2017 in der Volksbank Spree-Nei\u00dfe Guben. Presse-Information 26. Oktober bis 04. November 2016Finissage: Bernd Opel zeigte 50 Werke im Kraftwerk\" \/>\n\t<meta name=\"robots\" content=\"max-image-preview:large\" \/>\n\t<meta name=\"google-site-verification\" content=\"sZQLN3GMYflcVRj76gTYxNIc9u0ie7K_cDklWicZd0w\" \/>\n\t<link rel=\"canonical\" href=\"https:\/\/opelagd.com\/?page_id=301\" \/>\n\t<meta name=\"generator\" content=\"All in One SEO (AIOSEO) 5.0.1\" \/>\n\t\t<meta property=\"og:locale\" content=\"de_DE\" \/>\n\t\t<meta property=\"og:site_name\" content=\"OpelAGD - CD, Design, Malerei, Grafik, Fotografie, Webdesign\" \/>\n\t\t<meta property=\"og:type\" content=\"article\" \/>\n\t\t<meta property=\"og:title\" content=\"ART-OPEL - OpelAGD\" \/>\n\t\t<meta property=\"og:description\" content=\"zu meiner Kunstseite Aktionen und Ausstellungen 2018 - 2022 Neueste Ausstellungen im Begegnungszentrum Burg\/Spreewald und im Wilkestift Guben Gemeinsachafts-Plenairs mit polnischen K\u00fcnstlern aus Switnicadazu Ausstellungen in Polen und in Heinersbr\u00fcck, Calau, Cottbus, Switnica,und Lieberose Finissage am 22.11.2017 in der Volksbank Spree-Nei\u00dfe Guben. Presse-Information 26. Oktober bis 04. November 2016Finissage: Bernd Opel zeigte 50 Werke im Kraftwerk\" \/>\n\t\t<meta property=\"og:url\" content=\"https:\/\/opelagd.com\/?page_id=301\" \/>\n\t\t<meta property=\"og:image\" content=\"https:\/\/opelagd.com\/wp-content\/uploads\/2015\/09\/maennl7.jpg\" \/>\n\t\t<meta property=\"og:image:secure_url\" content=\"https:\/\/opelagd.com\/wp-content\/uploads\/2015\/09\/maennl7.jpg\" \/>\n\t\t<meta property=\"og:image:width\" content=\"360\" \/>\n\t\t<meta property=\"og:image:height\" content=\"360\" \/>\n\t\t<meta property=\"article:published_time\" content=\"2015-09-09T11:28:01+00:00\" \/>\n\t\t<meta property=\"article:modified_time\" content=\"2022-08-31T08:21:15+00:00\" \/>\n\t\t<meta property=\"article:publisher\" content=\"https:\/\/facebook.com\/Bernd Opel\" \/>\n\t\t<meta name=\"twitter:card\" content=\"summary_large_image\" \/>\n\t\t<meta name=\"twitter:site\" content=\"@Bernd%20Opel\" \/>\n\t\t<meta name=\"twitter:title\" content=\"ART-OPEL - OpelAGD\" \/>\n\t\t<meta name=\"twitter:description\" content=\"zu meiner Kunstseite Aktionen und Ausstellungen 2018 - 2022 Neueste Ausstellungen im Begegnungszentrum Burg\/Spreewald und im Wilkestift Guben Gemeinsachafts-Plenairs mit polnischen K\u00fcnstlern aus Switnicadazu Ausstellungen in Polen und in Heinersbr\u00fcck, Calau, Cottbus, Switnica,und Lieberose Finissage am 22.11.2017 in der Volksbank Spree-Nei\u00dfe Guben. Presse-Information 26. Oktober bis 04. November 2016Finissage: Bernd Opel zeigte 50 Werke im Kraftwerk\" \/>\n\t\t<meta name=\"twitter:creator\" content=\"@Bernd%20Opel\" \/>\n\t\t<meta name=\"twitter:image\" content=\"https:\/\/opelagd.com\/wp-content\/uploads\/2015\/09\/maennl7.jpg\" \/>\n\t\t<script type=\"application\/ld+json\" class=\"aioseo-schema\">\n\t\t\t{\"@context\":\"https:\\\/\\\/schema.org\",\"@graph\":[{\"@type\":\"BreadcrumbList\",\"@id\":\"https:\\\/\\\/opelagd.com\\\/?page_id=301#breadcrumblist\",\"itemListElement\":[{\"@type\":\"ListItem\",\"@id\":\"https:\\\/\\\/opelagd.com#listItem\",\"position\":1,\"name\":\"Home\",\"item\":\"https:\\\/\\\/opelagd.com\",\"nextItem\":{\"@type\":\"ListItem\",\"@id\":\"https:\\\/\\\/opelagd.com\\\/?page_id=301#listItem\",\"name\":\"ART-OPEL\"}},{\"@type\":\"ListItem\",\"@id\":\"https:\\\/\\\/opelagd.com\\\/?page_id=301#listItem\",\"position\":2,\"name\":\"ART-OPEL\",\"previousItem\":{\"@type\":\"ListItem\",\"@id\":\"https:\\\/\\\/opelagd.com#listItem\",\"name\":\"Home\"}}]},{\"@type\":\"Person\",\"@id\":\"https:\\\/\\\/opelagd.com\\\/#person\",\"name\":\"opelagd_fh440j83\"},{\"@type\":\"WebPage\",\"@id\":\"https:\\\/\\\/opelagd.com\\\/?page_id=301#webpage\",\"url\":\"https:\\\/\\\/opelagd.com\\\/?page_id=301\",\"name\":\"ART-OPEL - OpelAGD\",\"description\":\"zu meiner Kunstseite Aktionen und Ausstellungen 2018 - 2022 Neueste Ausstellungen im Begegnungszentrum Burg\\\/Spreewald und im Wilkestift Guben Gemeinsachafts-Plenairs mit polnischen K\\u00fcnstlern aus Switnicadazu Ausstellungen in Polen und in Heinersbr\\u00fcck, Calau, Cottbus, Switnica,und Lieberose Finissage am 22.11.2017 in der Volksbank Spree-Nei\\u00dfe Guben. Presse-Information 26. Oktober bis 04. November 2016Finissage: Bernd Opel zeigte 50 Werke im Kraftwerk\",\"inLanguage\":\"de-DE\",\"isPartOf\":{\"@id\":\"https:\\\/\\\/opelagd.com\\\/#website\"},\"breadcrumb\":{\"@id\":\"https:\\\/\\\/opelagd.com\\\/?page_id=301#breadcrumblist\"},\"image\":{\"@type\":\"ImageObject\",\"url\":\"https:\\\/\\\/opelagd.com\\\/wp-content\\\/uploads\\\/2015\\\/11\\\/IMG_0038.jpg\",\"@id\":\"https:\\\/\\\/opelagd.com\\\/?page_id=301\\\/#mainImage\",\"width\":2048,\"height\":1536,\"caption\":\"Test  auf iPad\"},\"primaryImageOfPage\":{\"@id\":\"https:\\\/\\\/opelagd.com\\\/?page_id=301#mainImage\"},\"datePublished\":\"2015-09-09T13:28:01+02:00\",\"dateModified\":\"2022-08-31T10:21:15+02:00\"},{\"@type\":\"WebSite\",\"@id\":\"https:\\\/\\\/opelagd.com\\\/#website\",\"url\":\"https:\\\/\\\/opelagd.com\\\/\",\"name\":\"OpelAGD\",\"description\":\"CD, Design, Malerei, Grafik, Fotografie, Webdesign\",\"inLanguage\":\"de-DE\",\"publisher\":{\"@id\":\"https:\\\/\\\/opelagd.com\\\/#person\"}}]}\n\t\t<\/script>\n\t\t<!-- All in One SEO -->\n\n","aioseo_head_json":{"title":"ART-OPEL - OpelAGD","description":"zu meiner Kunstseite Aktionen und Ausstellungen 2018 - 2022 Neueste Ausstellungen im Begegnungszentrum Burg\/Spreewald und im Wilkestift Guben Gemeinsachafts-Plenairs mit polnischen K\u00fcnstlern aus Switnicadazu Ausstellungen in Polen und in Heinersbr\u00fcck, Calau, Cottbus, Switnica,und Lieberose Finissage am 22.11.2017 in der Volksbank Spree-Nei\u00dfe Guben. Presse-Information 26. Oktober bis 04. November 2016Finissage: Bernd Opel zeigte 50 Werke im Kraftwerk","canonical_url":"https:\/\/opelagd.com\/?page_id=301","robots":"max-image-preview:large","keywords":"","webmasterTools":{"google-site-verification":"sZQLN3GMYflcVRj76gTYxNIc9u0ie7K_cDklWicZd0w","miscellaneous":""},"schema":{"@context":"https:\/\/schema.org","@graph":[{"@type":"BreadcrumbList","@id":"https:\/\/opelagd.com\/?page_id=301#breadcrumblist","itemListElement":[{"@type":"ListItem","@id":"https:\/\/opelagd.com#listItem","position":1,"name":"Home","item":"https:\/\/opelagd.com","nextItem":{"@type":"ListItem","@id":"https:\/\/opelagd.com\/?page_id=301#listItem","name":"ART-OPEL"}},{"@type":"ListItem","@id":"https:\/\/opelagd.com\/?page_id=301#listItem","position":2,"name":"ART-OPEL","previousItem":{"@type":"ListItem","@id":"https:\/\/opelagd.com#listItem","name":"Home"}}]},{"@type":"Person","@id":"https:\/\/opelagd.com\/#person","name":"opelagd_fh440j83"},{"@type":"WebPage","@id":"https:\/\/opelagd.com\/?page_id=301#webpage","url":"https:\/\/opelagd.com\/?page_id=301","name":"ART-OPEL - OpelAGD","description":"zu meiner Kunstseite Aktionen und Ausstellungen 2018 - 2022 Neueste Ausstellungen im Begegnungszentrum Burg\/Spreewald und im Wilkestift Guben Gemeinsachafts-Plenairs mit polnischen K\u00fcnstlern aus Switnicadazu Ausstellungen in Polen und in Heinersbr\u00fcck, Calau, Cottbus, Switnica,und Lieberose Finissage am 22.11.2017 in der Volksbank Spree-Nei\u00dfe Guben. Presse-Information 26. Oktober bis 04. November 2016Finissage: Bernd Opel zeigte 50 Werke im Kraftwerk","inLanguage":"de-DE","isPartOf":{"@id":"https:\/\/opelagd.com\/#website"},"breadcrumb":{"@id":"https:\/\/opelagd.com\/?page_id=301#breadcrumblist"},"image":{"@type":"ImageObject","url":"https:\/\/opelagd.com\/wp-content\/uploads\/2015\/11\/IMG_0038.jpg","@id":"https:\/\/opelagd.com\/?page_id=301\/#mainImage","width":2048,"height":1536,"caption":"Test  auf iPad"},"primaryImageOfPage":{"@id":"https:\/\/opelagd.com\/?page_id=301#mainImage"},"datePublished":"2015-09-09T13:28:01+02:00","dateModified":"2022-08-31T10:21:15+02:00"},{"@type":"WebSite","@id":"https:\/\/opelagd.com\/#website","url":"https:\/\/opelagd.com\/","name":"OpelAGD","description":"CD, Design, Malerei, Grafik, Fotografie, Webdesign","inLanguage":"de-DE","publisher":{"@id":"https:\/\/opelagd.com\/#person"}}]},"og:locale":"de_DE","og:site_name":"OpelAGD - CD, Design, Malerei, Grafik, Fotografie, Webdesign","og:type":"article","og:title":"ART-OPEL - OpelAGD","og:description":"zu meiner Kunstseite Aktionen und Ausstellungen 2018 - 2022 Neueste Ausstellungen im Begegnungszentrum Burg\/Spreewald und im Wilkestift Guben Gemeinsachafts-Plenairs mit polnischen K\u00fcnstlern aus Switnicadazu Ausstellungen in Polen und in Heinersbr\u00fcck, Calau, Cottbus, Switnica,und Lieberose Finissage am 22.11.2017 in der Volksbank Spree-Nei\u00dfe Guben. Presse-Information 26. Oktober bis 04. November 2016Finissage: Bernd Opel zeigte 50 Werke im Kraftwerk","og:url":"https:\/\/opelagd.com\/?page_id=301","og:image":"https:\/\/opelagd.com\/wp-content\/uploads\/2015\/09\/maennl7.jpg","og:image:secure_url":"https:\/\/opelagd.com\/wp-content\/uploads\/2015\/09\/maennl7.jpg","og:image:width":360,"og:image:height":360,"article:published_time":"2015-09-09T11:28:01+00:00","article:modified_time":"2022-08-31T08:21:15+00:00","article:publisher":"https:\/\/facebook.com\/Bernd Opel","twitter:card":"summary_large_image","twitter:site":"@Bernd%20Opel","twitter:title":"ART-OPEL - OpelAGD","twitter:description":"zu meiner Kunstseite Aktionen und Ausstellungen 2018 - 2022 Neueste Ausstellungen im Begegnungszentrum Burg\/Spreewald und im Wilkestift Guben Gemeinsachafts-Plenairs mit polnischen K\u00fcnstlern aus Switnicadazu Ausstellungen in Polen und in Heinersbr\u00fcck, Calau, Cottbus, Switnica,und Lieberose Finissage am 22.11.2017 in der Volksbank Spree-Nei\u00dfe Guben. Presse-Information 26. Oktober bis 04. November 2016Finissage: Bernd Opel zeigte 50 Werke im Kraftwerk","twitter:creator":"@Bernd%20Opel","twitter:image":"https:\/\/opelagd.com\/wp-content\/uploads\/2015\/09\/maennl7.jpg"},"aioseo_meta_data":{"post_id":"301","title":null,"description":null,"keywords":null,"keyphrases":null,"primary_term":null,"canonical_url":null,"og_title":null,"og_description":null,"og_object_type":"default","og_image_type":"default","og_image_url":null,"og_image_width":null,"og_image_height":null,"og_image_custom_url":null,"og_image_custom_fields":null,"og_video":null,"og_custom_url":null,"og_article_section":null,"og_article_tags":null,"twitter_use_og":false,"twitter_card":"default","twitter_image_type":"default","twitter_image_url":null,"twitter_image_custom_url":null,"twitter_image_custom_fields":null,"twitter_title":null,"twitter_description":null,"schema":{"blockGraphs":[],"customGraphs":[],"default":{"data":{"Article":[],"Course":[],"Dataset":[],"FAQPage":[],"Movie":[],"Person":[],"Product":[],"ProductReview":[],"Car":[],"Recipe":[],"Service":[],"SoftwareApplication":[],"WebPage":[]},"graphName":"","isEnabled":true},"graphs":[]},"schema_type":"default","schema_type_options":null,"pillar_content":false,"robots_default":true,"robots_noindex":false,"robots_noarchive":false,"robots_nosnippet":false,"robots_nofollow":false,"robots_noimageindex":false,"robots_noodp":false,"robots_notranslate":false,"robots_max_snippet":null,"robots_max_videopreview":null,"robots_max_imagepreview":"large","priority":null,"frequency":null,"local_seo":null,"breadcrumb_settings":null,"limit_modified_date":false,"ai":null,"created":"2025-07-31 10:53:16","updated":"2025-07-31 10:53:16","seo_analyzer_scan_date":null,"focus_keyword":null,"additional_keywords":null,"truseo_locale":null},"aioseo_breadcrumb":"<div class=\"aioseo-breadcrumbs\"><span class=\"aioseo-breadcrumb\">\n\t\t\t<a href=\"https:\/\/opelagd.com\" title=\"Home\">Home<\/a>\n\t\t<\/span><span class=\"aioseo-breadcrumb-separator\">&raquo;<\/span><span class=\"aioseo-breadcrumb\">\n\t\t\tART-OPEL\n\t\t<\/span><\/div>","aioseo_breadcrumb_json":[{"label":"Home","link":"https:\/\/opelagd.com"},{"label":"ART-OPEL","link":"https:\/\/opelagd.com\/?page_id=301"}],"_links":{"self":[{"href":"https:\/\/opelagd.com\/index.php?rest_route=\/wp\/v2\/pages\/301","targetHints":{"allow":["GET"]}}],"collection":[{"href":"https:\/\/opelagd.com\/index.php?rest_route=\/wp\/v2\/pages"}],"about":[{"href":"https:\/\/opelagd.com\/index.php?rest_route=\/wp\/v2\/types\/page"}],"author":[{"embeddable":true,"href":"https:\/\/opelagd.com\/index.php?rest_route=\/wp\/v2\/users\/1"}],"replies":[{"embeddable":true,"href":"https:\/\/opelagd.com\/index.php?rest_route=%2Fwp%2Fv2%2Fcomments&post=301"}],"version-history":[{"count":0,"href":"https:\/\/opelagd.com\/index.php?rest_route=\/wp\/v2\/pages\/301\/revisions"}],"wp:featuredmedia":[{"embeddable":true,"href":"https:\/\/opelagd.com\/index.php?rest_route=\/wp\/v2\/media\/339"}],"wp:attachment":[{"href":"https:\/\/opelagd.com\/index.php?rest_route=%2Fwp%2Fv2%2Fmedia&parent=301"}],"curies":[{"name":"wp","href":"https:\/\/api.w.org\/{rel}","templated":true}]}}